{"id":11352,"date":"2023-11-13T11:20:08","date_gmt":"2023-11-13T10:20:08","guid":{"rendered":"https:\/\/www.vivreaveclevih.org\/?page_id=11352"},"modified":"2023-11-13T11:20:08","modified_gmt":"2023-11-13T10:20:08","slug":"mes-droits-en-matiere-de-sante","status":"publish","type":"page","link":"https:\/\/www.vivreaveclevih.org\/fr\/mes-droits\/mes-droits-en-matiere-de-sante\/","title":{"rendered":"Mes droits en mati\u00e8re de sant\u00e9"},"content":{"rendered":"","protected":false},"excerpt":{"rendered":"","protected":false},"author":4,"featured_media":0,"parent":9421,"menu_order":2,"comment_status":"closed","ping_status":"closed","template":"","meta":{"_acf_changed":false,"footnotes":""},"class_list":["post-11352","page","type-page","status-publish","hentry"],"acf":{"sidebar":211,"contenu_flexible":[{"acf_fc_layout":"imagetext","image":11353,"text":"<p>La loi (2 ao\u00fbt 2002) permet au\u00b7\u00e0 la patient\u00b7e de g\u00e9rer sa sant\u00e9 en connaissance de cause\u00a0et entend offrir une meilleure protection au\u00b7\u00e0 la patient\u00b7e. Les droits prot\u00e9g\u00e9s par cette loi sont principalement\u00a0:<\/p>\n<ul>\n<li>le droit \u00e0 des <strong>prestations de qualit\u00e9<\/strong>\u00a0;<\/li>\n<li>le droit au <strong>libre choix<\/strong> du\u00b7de la dispensateur\u00b7trice de soins\u00a0;<\/li>\n<li>le droit d\u2019\u00eatre <strong>inform\u00e9\u00b7e<\/strong> sur son \u00e9tat de sant\u00e9\u00a0;<\/li>\n<li>le droit de <strong>consentir de mani\u00e8re \u00e9clair\u00e9e<\/strong> (apr\u00e8s avoir \u00e9t\u00e9 suffisamment inform\u00e9\u00b7e) \u00e0 toute intervention\u00a0;<\/li>\n<li>le droit de <strong>consulter son dossier m\u00e9dical<\/strong> (notamment pour \u00eatre inform\u00e9\u00b7e et consentir en connaissance de cause) et d\u2019en obtenir une copie\u00a0;<\/li>\n<li>le droit au <strong>respect de sa vie priv\u00e9e<\/strong> et de son intimit\u00e9\u00a0;<\/li>\n<li>le droit \u00e0 des soins visant \u00e0 <strong>soulager la douleur<\/strong>\u00a0;<\/li>\n<li>le droit d\u2019<strong>introduire une plainte<\/strong> aupr\u00e8s d\u2019une fonction de m\u00e9diation comp\u00e9tente.<\/li>\n<\/ul>\n<p>Si le\u00b7la patient\u00b7e a le droit d\u2019obtenir et de comprendre toutes les informations le\u00b7la concernant, inversement, pour soigner correctement, un\u00b7e m\u00e9decin a lui aussi besoin d\u2019obtenir toutes les informations utiles sur l\u2019\u00e9tat de sant\u00e9 de son\u00b7sa patient\u00b7e au risque d\u2019avoir une mauvaise interpr\u00e9tation des sympt\u00f4mes ou pire encore, d\u2019une interaction dangereuse entre des m\u00e9dicaments prescrits et les traitements antir\u00e9troviraux que vous prenez.<\/p>\n","background_color":false,"link_image":""},{"acf_fc_layout":"textfull","text":"<h2>Un\u00b7e m\u00e9decin peut-il\u00b7elle refuser de me soigner\u00a0?<\/h2>\n<p>Cela d\u00e9pend de la situation\u00a0: y a-t-il urgence ou non\u00a0?\u00a0 S\u2019il y a urgence, un\u00b7e m\u00e9decin, quelle que soit sa sp\u00e9cialit\u00e9, ne peut se soustraire \u00e0 son devoir de porter secours \u00e0 un\u00b7e malade en danger imm\u00e9diat (article 6 Code de l\u2019Ordre des m\u00e9decins). Par contre, \u00ab\u00a0<strong>hors le cas d\u2019urgence et celui o\u00f9 il manquerait \u00e0 ses devoirs d\u2019humanit\u00e9, un\u00b7e m\u00e9decin a toujours le droit de refuser des soins pour des raisons professionnelles ou personnelles<\/strong>\u00a0 \u00bb (article 28 du Code). Cependant, le\u00b7la m\u00e9decin doit s\u2019assurer de la continuit\u00e9 des soins et doit fournir toutes les informations utiles au\u00b7\u00e0 la m\u00e9decin qui lui succ\u00e8de. <strong>Il\u00b7elle doit \u00e9galement respecter la loi anti-discrimination qui interdit de traiter une personne de mani\u00e8re moins favorable qu\u2019une autre dans une situation comparable sans que cela ne se justifie<\/strong>. On ne pourra accepter une diff\u00e9rence de traitement d\u2019une personne que si elle peut \u00eatre objectivement justifi\u00e9e par un but l\u00e9gitime, des moyens appropri\u00e9s et n\u00e9cessaires, et des moyens proportionn\u00e9s. Vous \u00eates donc tout \u00e0 fait en droit de vous interroger face \u00e0 un refus de soin ou face \u00e0 un traitement que vous jugez inappropri\u00e9 voire d\u00e9gradant.<\/p>\n","background_color":true},{"acf_fc_layout":"text2cols","background_color":false,"title":"","col_left":"<h2>Peut-on me tester sans mon consentement\u00a0?<\/h2>\n<p>La r\u00e8gle qui interdit le test \u00e0 l\u2019insu est confirm\u00e9e par la loi du 22 ao\u00fbt 2002\u00a0: le droit de consentir de mani\u00e8re \u00e9clair\u00e9e (apr\u00e8s avoir \u00e9t\u00e9 suffisamment inform\u00e9\u00b7e) \u00e0 toute intervention. Le test VIH n\u2019\u00e9chappe pas \u00e0 cette r\u00e8gle. <strong>Ce qui signifie que le\u00b7la m\u00e9decin ne peut se contenter d\u2019un accord obtenu \u00e0 la sauvette, mais qu\u2019il\u00b7elle doit expliquer \u00e0 son\u00b7sa patient\u00b7e les raisons de cet acte et ses cons\u00e9quences \u00e9ventuelles.<\/strong> En cas de r\u00e9sultat positif, le\u00b7la m\u00e9decin devra aussi veiller \u00e0 ce que le\u00b7la patient\u00b7e re\u00e7oive l\u2019aide et l\u2019information n\u00e9cessaire pour qu\u2019il\u00b7elle b\u00e9n\u00e9ficie d\u2019un suivi et d\u2019une prise en charge de qualit\u00e9. L\u2019urgence peut constituer une exception \u00e0 la r\u00e8gle\u00a0: si une intervention chirurgicale invasive s\u2019impose en urgence, \u00ab\u00a0la protection du personnel m\u00e9dical et infirmier justifie le d\u00e9pistage de la s\u00e9ropositivit\u00e9\u00a0\u00bb, pr\u00e9cise l\u2019Ordre des M\u00e9decins. Bien s\u00fbr, si un test de type prise de sang a lieu dans le cadre d\u2019une hospitalisation par exemple, le\u00b7la patient\u00b7e a le droit de demander ce qui est test\u00e9 et analys\u00e9.<\/p>\n<h6>Que se passe-t-il si un\u00b7e patient\u00b7e refuse un test alors que le\u00b7la m\u00e9decin consid\u00e8re qu\u2019il s\u2019agit d\u2019une mesure de pr\u00e9caution n\u00e9cessaire (avant une op\u00e9ration par exemple)\u00a0? Interrog\u00e9 sur ce cas de figure, l\u2019Ordre des m\u00e9decins a r\u00e9pondu qu\u2019un test ne peut avoir lieu si le\u00b7la patient\u00b7e s\u2019y oppose express\u00e9ment. Mais, \u00e0 son tour, le\u00b7la m\u00e9decin sera libre de refuser cette personne en tant que patient\u00b7e, hormis \u00e9videmment, les cas d\u2019urgence.<\/h6>\n<p><a class=\"btn\" href=\"https:\/\/www.vivreaveclevih.org\/fr\/mes-droits\/vie-professionnelle-et-vih\/\">Peut-on me tester dans le cadre du travail\u00a0?<\/a><\/p>\n","col_right":"<h2>Prot\u00e9g\u00e9\u00b7e par le secret m\u00e9dical<\/h2>\n<p>Le secret professionnel est garanti par<strong>\u00a0l\u2019article 458\u00a0<\/strong>du Code p\u00e9nal.<\/p>\n<p>Il interdit aux \u201c<strong>m\u00e9decins, chirurgien\u00b7nes, officier\u00b7\u00e8res de sant\u00e9, sages-femmes, et toutes autres personnes d\u00e9positaires, par \u00e9tat ou par profession, des secrets qu\u2019on leur confie<\/strong>\u201d de d\u00e9voiler ceux-ci \u00e0 des tiers, sous peine d\u2019une amende et\/ou d\u2019un emprisonnement de 8 jours \u00e0 6 mois.<\/p>\n<p><strong>Qui est tenu par le secret professionnel ?<\/strong><\/p>\n<p>Les\u00a0<strong>m\u00e9decins<\/strong>, les<strong>\u00a0infirmier\u00b7\u00e8res<\/strong>, les\u00a0<strong>dentistes<\/strong>, les\u00a0<strong>pharmacien\u00b7nes<\/strong>, mais encore les<strong>\u00a0avocat\u00b7es<\/strong>, les\u00a0<strong>psychologues<\/strong>, les\u00a0<strong>assistant\u00b7es sociaux\u00b7ales<\/strong>, les<strong>\u00a0\u00e9ducateur\u00b7trices<\/strong>, les\u00a0<strong>enseignant\u00b7es<\/strong>, les\u00a0<strong>chef\u00b7fes d\u2019\u00e9tablissements scolaires<\/strong>, les\u00a0<strong>employ\u00e9\u00b7es d\u2019un h\u00f4pital<\/strong>\u00a0ou d\u2019une\u00a0<strong>mutuelle<\/strong>\u00a0peuvent \u00eatre assimil\u00e9s \u00e0 des personnes d\u00e9positaires des secrets qu\u2019on leur confie. Cette liste n\u2019est pas exhaustive.<\/p>\n"}]},"_links":{"self":[{"href":"https:\/\/www.vivreaveclevih.org\/fr\/wp-json\/wp\/v2\/pages\/11352","targetHints":{"allow":["GET"]}}],"collection":[{"href":"https:\/\/www.vivreaveclevih.org\/fr\/wp-json\/wp\/v2\/pages"}],"about":[{"href":"https:\/\/www.vivreaveclevih.org\/fr\/wp-json\/wp\/v2\/types\/page"}],"author":[{"embeddable":true,"href":"https:\/\/www.vivreaveclevih.org\/fr\/wp-json\/wp\/v2\/users\/4"}],"replies":[{"embeddable":true,"href":"https:\/\/www.vivreaveclevih.org\/fr\/wp-json\/wp\/v2\/comments?post=11352"}],"version-history":[{"count":3,"href":"https:\/\/www.vivreaveclevih.org\/fr\/wp-json\/wp\/v2\/pages\/11352\/revisions"}],"predecessor-version":[{"id":11356,"href":"https:\/\/www.vivreaveclevih.org\/fr\/wp-json\/wp\/v2\/pages\/11352\/revisions\/11356"}],"up":[{"embeddable":true,"href":"https:\/\/www.vivreaveclevih.org\/fr\/wp-json\/wp\/v2\/pages\/9421"}],"wp:attachment":[{"href":"https:\/\/www.vivreaveclevih.org\/fr\/wp-json\/wp\/v2\/media?parent=11352"}],"curies":[{"name":"wp","href":"https:\/\/api.w.org\/{rel}","templated":true}]}}