{"id":9448,"date":"2021-07-07T21:42:47","date_gmt":"2021-07-07T19:42:47","guid":{"rendered":"https:\/\/www.vivreaveclevih.org\/?page_id=9448"},"modified":"2021-10-06T14:57:07","modified_gmt":"2021-10-06T12:57:07","slug":"gerer-sa-sante","status":"publish","type":"page","link":"https:\/\/www.vivreaveclevih.org\/fr\/vivre-avec-le-vih\/gerer-sa-sante\/","title":{"rendered":"G\u00e9rer sa sant\u00e9"},"content":{"rendered":"<h3><strong>Afin de pr\u00e9server votre sant\u00e9, il est n\u00e9cessaire d\u2019\u00eatre suivi\u00b7e par un\u00b7e m\u00e9decin sp\u00e9cialiste du VIH soit dans un service sp\u00e9cialis\u00e9 pour le VIH, soit dans un Centre de r\u00e9f\u00e9rence VIH<\/strong>. Le\u00b7la m\u00e9decin travaille en \u00e9troite collaboration avec votre m\u00e9decin traitant\u00b7e, personne r\u00e9f\u00e9rente de votre suivi m\u00e9dical global.<\/h3>\n<h3>Le suivi m\u00e9dical sp\u00e9cialis\u00e9 consiste, entre autres, \u00e0 un examen physique et sanguin qui permet au\u00b7\u00e0 la m\u00e9decin d\u2019\u00e9valuer votre \u00e9tat de sant\u00e9 global et en particulier la multiplication du virus et l\u2019\u00e9tat de votre syst\u00e8me immunitaire. Ces services sp\u00e9cialis\u00e9s et Centres de r\u00e9f\u00e9rence VIH sont constitu\u00e9s d\u2019une \u00e9quipe multidisciplinaire : m\u00e9decins, infirmier\u00b7\u00e8res, psychologues, assistant\u00b7es social\u00b7es, sexologues, di\u00e9t\u00e9ticien\u00b7nes, etc., ayant acquis une exp\u00e9rience dans la prise en soins, le suivi et l\u2019accompagnement des personnes vivant avec le VIH. Cette prise en soins m\u00e9dico-psycho-sociale vous permet d\u2019avoir une information correcte sur le VIH, de l\u2019\u00e9coute et du soutien n\u00e9cessaire tout en tenant compte de votre situation et de votre environnement social.<\/h3>\n<p><a class=\"readmore\" href=\"https:\/\/www.vivreaveclevih.org\/fr\/liens-utiles\/ou-se-soigner\/\">Plus d\u2019infos ? o\u00f9 se soigner<\/a><\/p>\n<h2>Votre sant\u00e9 et les autres IST<\/h2>\n<p><strong>Le fait d\u2019\u00eatre sous <\/strong><a href=\"https:\/\/www.vivreaveclevih.org\/fr\/traitement\/vih\/les-traitements-contre-le-vih\/\"><strong>traitement<\/strong><\/a><strong> et d\u2019avoir une <a href=\"https:\/\/www.vivreaveclevih.org\/fr\/vih\/la-charge-virale-cest-quoi\/\">charge virale ind\u00e9tectable<\/a> ne vous prot\u00e8ge pas contre les autres <\/strong><a href=\"https:\/\/www.vivreaveclevih.org\/fr\/ist\/les-ist-cest-quoi\/\"><strong>infections sexuellement transmissibles <\/strong><\/a><strong>(IST).<\/strong> Il faut continuer \u00e0 vous en prot\u00e9ger, ces IST pouvant avoir des cons\u00e9quences n\u00e9fastes pour votre sant\u00e9. De plus, le fait d&rsquo;\u00eatre infect\u00e9\u00b7e par le VIH augmente le risque d&rsquo;\u00eatre infect\u00e9\u00b7e par une autre IST et d&rsquo;avoir plus de complications. N\u2019arr\u00eatez donc pas d\u2019utiliser le <a href=\"https:\/\/www.vivreaveclevih.org\/fr\/protection\/le-preservatif\/\"><strong>pr\u00e9servatif<\/strong><\/a> si vous n\u2019\u00eates pas s\u00fbr de l\u2019\u00e9tat de sant\u00e9 de votre\u00b7vos partenaire\u00b7s.<\/p>\n<p><a class=\"readmore\" href=\"https:\/\/preventionsida.org\/fr\/ressources\/brochure-les-ist\/\">Plus d\u2019infos ? Consultez la brochure sur les ist<\/a><\/p>\n<p><img loading=\"lazy\" decoding=\"async\" class=\"aligncenter size-full wp-image-2334\" src=\"https:\/\/www.vivreaveclevih.org\/wp-content\/uploads\/2019\/09\/lignesISTbande.png\" alt=\"lignesISTbande\" width=\"1415\" height=\"421\" srcset=\"https:\/\/www.vivreaveclevih.org\/wp-content\/uploads\/2019\/09\/lignesISTbande.png 1415w, https:\/\/www.vivreaveclevih.org\/wp-content\/uploads\/2019\/09\/lignesISTbande-300x89.png 300w, https:\/\/www.vivreaveclevih.org\/wp-content\/uploads\/2019\/09\/lignesISTbande-768x229.png 768w, https:\/\/www.vivreaveclevih.org\/wp-content\/uploads\/2019\/09\/lignesISTbande-1024x305.png 1024w\" sizes=\"auto, (max-width: 1415px) 100vw, 1415px\" \/><\/p>\n<h2>Quelle place pour mon\u00b7ma m\u00e9decin traitant\u00b7e\u00a0?<\/h2>\n<p>Votre m\u00e9decin sp\u00e9cialiste du VIH prend en charge le suivi de votre infection au VIH, le traitement, et \u00e9ventuellement d\u2019autres pathologies associ\u00e9es \u00e0 l\u2019infection. <strong>Pour tout autre souci de sant\u00e9, votre m\u00e9decin traitant\u00b7e reste la r\u00e9f\u00e9rence. <\/strong>L\u2019id\u00e9al est de consulter un\u00b7e m\u00e9decin qui a d\u00e9j\u00e0 une certaine exp\u00e9rience des patient\u00b7es atteint\u00b7es du VIH, ou qui se tient r\u00e9guli\u00e8rement inform\u00e9\u00b7e des \u00e9volutions et des avanc\u00e9es scientifiques. Si ce n\u2019est pas possible, <strong>choisissez un\u00b7e m\u00e9decin en qui vous avez confiance et qui saura travailler en \u00e9troite collaboration avec les autres prestataires de soins qui vous accompagnent<\/strong>. Cette collaboration est n\u00e9cessaire afin d\u2019assurer le meilleur suivi possible.<\/p>\n<p>La relation avec votre m\u00e9decin sp\u00e9cialiste du VIH, votre m\u00e9decin traitant\u00b7e ou tout autre professionnel\u00b7le de la sant\u00e9 est tr\u00e8s importante<strong>. Vous pouvez leur faire confiance et ne pas h\u00e9siter \u00e0 leur exposer tous vos soucis de sant\u00e9 sans honte ou peur du jugement<\/strong> (prise du traitement, th\u00e9rapies compl\u00e9mentaires, vos addictions (alcool, tabagisme, drogue, etc.)). Ils\u00b7elles sont l\u00e0 pour donner les meilleurs soins et sont tenu\u00b7es au secret professionnel. Afin de ne rien oublier, vous pouvez pr\u00e9parer votre consultation \u00e0 l\u2019avance, en notant dans votre carnet sant\u00e9 toutes les questions que vous vous posez sur votre traitement, <a href=\"https:\/\/www.vivreaveclevih.org\/fr\/vivre-avec-le-vih\/prendre-soin-de-moi\/\"><strong>votre vie sexuelle<\/strong><\/a>, votre <a href=\"https:\/\/www.vivreaveclevih.org\/fr\/protection\/proteger-son-enfant-durant-la-grossesse\/\"><strong>d\u00e9sir d\u2019enfant<\/strong><\/a>, vos besoins, les changements observ\u00e9s, etc. N\u2019h\u00e9sitez pas \u00e0 demander \u00e0 votre m\u00e9decin de clarifier ou de r\u00e9p\u00e9ter les choses, et \u00e0 noter toutes les instructions re\u00e7ues pendant la consultation.<\/p>\n","protected":false},"excerpt":{"rendered":"<p>Afin de pr\u00e9server votre sant\u00e9, il est n\u00e9cessaire d\u2019\u00eatre suivi\u00b7e par un\u00b7e m\u00e9decin sp\u00e9cialiste du VIH soit dans un service sp\u00e9cialis\u00e9 pour le VIH, soit dans un Centre de r\u00e9f\u00e9rence VIH. Le\u00b7la m\u00e9decin travaille en \u00e9troite collaboration avec votre m\u00e9decin traitant\u00b7e, personne r\u00e9f\u00e9rente de votre suivi m\u00e9dical global. Le suivi m\u00e9dical sp\u00e9cialis\u00e9 consiste, entre autres, \u00e0 un examen physique et sanguin qui permet au\u00b7\u00e0 la m\u00e9decin d\u2019\u00e9valuer votre \u00e9tat de sant\u00e9 global et en particulier la multiplication du virus et l\u2019\u00e9tat de votre syst\u00e8me immunitaire. Ces services sp\u00e9cialis\u00e9s et Centres de r\u00e9f\u00e9rence VIH sont constitu\u00e9s d\u2019une \u00e9quipe multidisciplinaire : m\u00e9decins, infirmier\u00b7\u00e8res, psychologues, assistant\u00b7es social\u00b7es, sexologues, di\u00e9t\u00e9ticien\u00b7nes, etc., ayant acquis une exp\u00e9rience dans la prise en soins, le suivi et l\u2019accompagnement des personnes vivant avec le VIH. Cette prise en soins m\u00e9dico-psycho-sociale vous permet d\u2019avoir une information correcte sur le VIH, de l\u2019\u00e9coute et du soutien n\u00e9cessaire tout en tenant compte [&hellip;]<\/p>\n","protected":false},"author":1,"featured_media":0,"parent":993,"menu_order":0,"comment_status":"closed","ping_status":"closed","template":"","meta":{"_acf_changed":false,"footnotes":""},"class_list":["post-9448","page","type-page","status-publish","hentry"],"acf":{"sidebar":211,"contenu_flexible":[{"acf_fc_layout":"textfull","text":"<h2>Pour un meilleur suivi m\u00e9dical, le dossier m\u00e9dical global<\/h2>\n<p>Si vous \u00eates suivi\u00b7e par plusieurs prestataires de soin il pourrait \u00eatre int\u00e9ressant de <strong>vous inscrire sur un des r\u00e9seaux sant\u00e9 de Belgique<\/strong>. Ceux-ci ont l\u2019avantage de faciliter le suivi m\u00e9dical, toutes les informations concernant votre sant\u00e9 se trouvant accessibles en ligne pour les professionnel\u00b7les de la sant\u00e9 et selon des crit\u00e8res stricts d\u2019acc\u00e8s aux donn\u00e9es.\u00a0Vous pouvez \u00e9galement demander <strong>l\u2019ouverture d\u2019un dossier m\u00e9dical global contenant toutes vos donn\u00e9es m\u00e9dicales chez votre g\u00e9n\u00e9raliste<\/strong> ce qui vous permettra de mieux surveiller votre sant\u00e9 mais \u00e9galement de b\u00e9n\u00e9ficier d\u2019un meilleur remboursement pour une consultation ou une visite de votre m\u00e9decin g\u00e9n\u00e9raliste.<\/p>\n<p><a class=\"readmore\" href=\"https:\/\/preventionsida.org\/fr\/ressources\/brochure-les-reseaux-sante-cest-quoi\/\">Plus d\u2019infos ? Brochure les r\u00e9seaux sant\u00e9, c&rsquo;est quoi ?<\/a><\/p>\n<p><img loading=\"lazy\" decoding=\"async\" class=\"aligncenter wp-image-9775 size-medium\" src=\"https:\/\/www.vivreaveclevih.org\/wp-content\/uploads\/2021\/08\/sante-300x201.png\" alt=\"\" width=\"300\" height=\"201\" srcset=\"https:\/\/www.vivreaveclevih.org\/wp-content\/uploads\/2021\/08\/sante-300x201.png 300w, https:\/\/www.vivreaveclevih.org\/wp-content\/uploads\/2021\/08\/sante-500x334.png 500w, https:\/\/www.vivreaveclevih.org\/wp-content\/uploads\/2021\/08\/sante.png 746w\" sizes=\"auto, (max-width: 300px) 100vw, 300px\" \/><\/p>\n","background_color":true},{"acf_fc_layout":"textfull","text":"<h2>Et mon\u00b7ma pharmacien\u00b7ne\u00a0?<\/h2>\n<p>Votre pharmacien\u00b7ne a lui\u00b7elle aussi un r\u00f4le \u00e0 jouer dans le suivi de votre prise en soins<strong>. Il\u00b7elle vous aidera \u00e0 \u00e9viter les interactions ind\u00e9sirables entre les m\u00e9dicaments et vous donnera des conseils pour faciliter votre observance th\u00e9rapeutique<\/strong> (votre aptitude \u00e0 prendre tous vos m\u00e9dicaments selon l\u2019horaire \u00e9tabli et sans manquer de doses). Afin d\u2019\u00e9viter les interactions inattendues, le mieux est de vous procurer tous vos m\u00e9dicaments dans la m\u00eame pharmacie, surtout si vous \u00eates suivi\u00b7es par des m\u00e9decins diff\u00e9rent\u00b7es. Votre pharmacien\u00b7ne pourra \u00e9galement vous fournir les informations dont vous avez besoin pour le remboursement de vos traitements.<\/p>\n<p>En tant que personne vivant avec une maladie chronique, vous pouvez choisir <strong>un\u00b7une pharmacien\u00b7ne de r\u00e9f\u00e9rence<\/strong> en signant une convention. Cette disposition s\u2019inscrit dans une volont\u00e9 d\u2019assurer un meilleur suivi et accompagnement du\u00b7de la patient\u00b7e dans l\u2019usage de ses m\u00e9dicaments et d\u2019une collaboration plus \u00e9troite entre le\u00b7la m\u00e9decin et les autres prestataires de soins.<\/p>\n<h2>Attention aux interactions m\u00e9dicamenteuses et \u00e0 l\u2019autom\u00e9dication\u00a0!<\/h2>\n<p>En tant que personne s\u00e9ropositive vivant avec d\u2019autres maladies, vous pourriez ressentir le besoin d\u2019essayer des formes de th\u00e9rapies alternatives en vue d\u2019am\u00e9liorer votre sant\u00e9. <strong>Attention toutefois \u00e0 ne rien prendre sans avis m\u00e9dical, m\u00eame si ces m\u00e9dicaments sont en vente libre dans les pharmacies, car un m\u00e9lange pourrait provoquer des interactions m\u00e9dicamenteuses<\/strong>. Ces interactions peuvent causer des effets secondaires inattendus ou accro\u00eetre l\u2019intensit\u00e9 des effets ind\u00e9sirables d\u00e9j\u00e0 existants, ou encore, elles peuvent <strong>compromettre l\u2019efficacit\u00e9 d\u2019un m\u00e9dicament particulier<\/strong>. D\u2019o\u00f9 l\u2019importance d\u2019en discuter au pr\u00e9alable avec votre m\u00e9decin ou les infirmi\u00e8res de votre Centre de r\u00e9f\u00e9rence pour \u00e9viter de vous faire plus de mal que de bien. Vous pouvez \u00e9galement v\u00e9rifier la possibilit\u00e9 d\u2019interactions par vous-m\u00eame en visitant les sites\u00a0:<\/p>\n<ul>\n<li><strong><a href=\"http:\/\/www.guidetherapeutiquevih.com\">guidetherapeutiquevih.com<\/a><\/strong><\/li>\n<li><a href=\"https:\/\/www.actions-traitements.org\/reglette\/#reglettev2\"><strong>https:\/\/www.actions-traitements.org\/reglette\/#reglettev2<\/strong><\/a><\/li>\n<li><strong><a href=\"http:\/\/www.hiv-druginteractions.org\">hiv-druginteractions.org<\/a><\/strong><\/li>\n<\/ul>\n<blockquote><p>Ces sites peuvent \u00eates difficiles \u00e0 comprendre, au moindre doute, n\u2019h\u00e9sitez pas \u00e0 prendre conseil aupr\u00e8s d\u2019un\u00b7e professionnel\u00b7le de la sant\u00e9\u00a0!<\/p><\/blockquote>\n","background_color":false}]},"_links":{"self":[{"href":"https:\/\/www.vivreaveclevih.org\/fr\/wp-json\/wp\/v2\/pages\/9448","targetHints":{"allow":["GET"]}}],"collection":[{"href":"https:\/\/www.vivreaveclevih.org\/fr\/wp-json\/wp\/v2\/pages"}],"about":[{"href":"https:\/\/www.vivreaveclevih.org\/fr\/wp-json\/wp\/v2\/types\/page"}],"author":[{"embeddable":true,"href":"https:\/\/www.vivreaveclevih.org\/fr\/wp-json\/wp\/v2\/users\/1"}],"replies":[{"embeddable":true,"href":"https:\/\/www.vivreaveclevih.org\/fr\/wp-json\/wp\/v2\/comments?post=9448"}],"version-history":[{"count":2,"href":"https:\/\/www.vivreaveclevih.org\/fr\/wp-json\/wp\/v2\/pages\/9448\/revisions"}],"predecessor-version":[{"id":10332,"href":"https:\/\/www.vivreaveclevih.org\/fr\/wp-json\/wp\/v2\/pages\/9448\/revisions\/10332"}],"up":[{"embeddable":true,"href":"https:\/\/www.vivreaveclevih.org\/fr\/wp-json\/wp\/v2\/pages\/993"}],"wp:attachment":[{"href":"https:\/\/www.vivreaveclevih.org\/fr\/wp-json\/wp\/v2\/media?parent=9448"}],"curies":[{"name":"wp","href":"https:\/\/api.w.org\/{rel}","templated":true}]}}